{"id":5689,"date":"2022-06-15T16:21:38","date_gmt":"2022-06-15T14:21:38","guid":{"rendered":"https:\/\/www2.hotel-escaletto.com\/scoprire-aix-en-provence\/hotel-du-globe-aix-en-provence\/"},"modified":"2026-04-22T11:49:00","modified_gmt":"2026-04-22T09:49:00","slug":"hotel-du-globe-aix-en-provence","status":"publish","type":"page","link":"https:\/\/www.hotel-escaletto.com\/it\/scoprire-aix-en-provence\/hotel-du-globe-aix-en-provence\/","title":{"rendered":"L&#8217;Hotel du Globe diventa Escaletto"},"content":{"rendered":"\t\t<div data-elementor-type=\"wp-page\" data-elementor-id=\"5689\" class=\"elementor elementor-5689 elementor-777\" data-elementor-post-type=\"page\">\n\t\t\t\t\t\t<section class=\"ob-is-breaking-bad elementor-section elementor-top-section elementor-element elementor-element-611c24f elementor-section-full_width elementor-section-height-min-height elementor-section-height-default elementor-section-items-middle\" data-dce-background-image-url=\"https:\/\/www.hotel-escaletto.com\/wp-content\/uploads\/2022\/06\/Facade-5.jpg\" data-id=\"611c24f\" data-element_type=\"section\" data-e-type=\"section\" data-settings=\"{&quot;background_background&quot;:&quot;classic&quot;,&quot;_ob_bbad_use_it&quot;:&quot;yes&quot;,&quot;_ob_bbad_sssic_use&quot;:&quot;no&quot;,&quot;_ob_glider_is_slider&quot;:&quot;no&quot;}\">\n\t\t\t\t\t\t\t<div class=\"elementor-background-overlay\"><\/div>\n\t\t\t\t\t\t\t<div class=\"elementor-container elementor-column-gap-default\">\n\t\t\t\t\t<div class=\"elementor-column elementor-col-100 elementor-top-column elementor-element elementor-element-a6a17e0\" data-id=\"a6a17e0\" data-element_type=\"column\" data-e-type=\"column\" data-settings=\"{&quot;_ob_bbad_is_stalker&quot;:&quot;no&quot;,&quot;_ob_teleporter_use&quot;:false,&quot;_ob_column_hoveranimator&quot;:&quot;no&quot;,&quot;_ob_column_has_pseudo&quot;:&quot;no&quot;}\">\n\t\t\t<div class=\"elementor-widget-wrap elementor-element-populated\">\n\t\t\t\t\t\t<div data-dce-title-color=\"#FFFFFF\" class=\"elementor-element elementor-element-45776d0 elementor-invisible ob-has-background-overlay elementor-widget elementor-widget-heading\" data-id=\"45776d0\" data-element_type=\"widget\" data-e-type=\"widget\" data-settings=\"{&quot;_animation&quot;:&quot;fadeInUp&quot;,&quot;_ob_perspektive_use&quot;:&quot;no&quot;,&quot;_ob_poopart_use&quot;:&quot;yes&quot;,&quot;_ob_shadough_use&quot;:&quot;no&quot;,&quot;_ob_allow_hoveranimator&quot;:&quot;no&quot;,&quot;_ob_widget_stalker_use&quot;:&quot;no&quot;}\" data-widget_type=\"heading.default\">\n\t\t\t\t<div class=\"elementor-widget-container\">\n\t\t\t\t\t<span class=\"elementor-heading-title elementor-size-default\">L&#8217;Hotel du Globe diventa Escaletto<\/span>\t\t\t\t<\/div>\n\t\t\t\t<\/div>\n\t\t\t\t\t<\/div>\n\t\t<\/div>\n\t\t\t\t\t<\/div>\n\t\t<\/section>\n\t\t\t\t<section class=\"ob-is-breaking-bad elementor-section elementor-top-section elementor-element elementor-element-ed3cd81 elementor-section-boxed elementor-section-height-default elementor-section-height-default\" data-id=\"ed3cd81\" data-element_type=\"section\" data-e-type=\"section\" data-settings=\"{&quot;_ob_bbad_use_it&quot;:&quot;yes&quot;,&quot;_ob_bbad_sssic_use&quot;:&quot;no&quot;,&quot;_ob_glider_is_slider&quot;:&quot;no&quot;}\">\n\t\t\t\t\t\t<div class=\"elementor-container elementor-column-gap-default\">\n\t\t\t\t\t<div data-dce-background-color=\"#FFFFFF\" class=\"elementor-column elementor-col-100 elementor-top-column elementor-element elementor-element-81dbfb4 elementor-invisible\" data-id=\"81dbfb4\" data-element_type=\"column\" data-e-type=\"column\" data-settings=\"{&quot;background_background&quot;:&quot;classic&quot;,&quot;animation&quot;:&quot;fadeInUp&quot;,&quot;animation_delay&quot;:300,&quot;animation_mobile&quot;:&quot;none&quot;,&quot;_ob_bbad_is_stalker&quot;:&quot;no&quot;,&quot;_ob_teleporter_use&quot;:false,&quot;_ob_column_hoveranimator&quot;:&quot;no&quot;,&quot;_ob_column_has_pseudo&quot;:&quot;no&quot;}\">\n\t\t\t<div class=\"elementor-widget-wrap elementor-element-populated\">\n\t\t\t\t\t\t<div class=\"elementor-element elementor-element-200e349 ob-has-background-overlay elementor-widget elementor-widget-heading\" data-id=\"200e349\" data-element_type=\"widget\" data-e-type=\"widget\" data-settings=\"{&quot;_ob_perspektive_use&quot;:&quot;no&quot;,&quot;_ob_poopart_use&quot;:&quot;yes&quot;,&quot;_ob_shadough_use&quot;:&quot;no&quot;,&quot;_ob_allow_hoveranimator&quot;:&quot;no&quot;,&quot;_ob_widget_stalker_use&quot;:&quot;no&quot;}\" data-widget_type=\"heading.default\">\n\t\t\t\t<div class=\"elementor-widget-container\">\n\t\t\t\t\t<h1 class=\"elementor-heading-title elementor-size-default\">L'Hotel du Globe diventa Escaletto<\/h1>\t\t\t\t<\/div>\n\t\t\t\t<\/div>\n\t\t\t\t<div class=\"elementor-element elementor-element-38849f3 ob-has-background-overlay elementor-widget elementor-widget-text-editor\" data-id=\"38849f3\" data-element_type=\"widget\" data-e-type=\"widget\" data-settings=\"{&quot;_ob_postman_use&quot;:&quot;no&quot;,&quot;_ob_perspektive_use&quot;:&quot;no&quot;,&quot;_ob_poopart_use&quot;:&quot;yes&quot;,&quot;_ob_shadough_use&quot;:&quot;no&quot;,&quot;_ob_allow_hoveranimator&quot;:&quot;no&quot;,&quot;_ob_widget_stalker_use&quot;:&quot;no&quot;}\" data-widget_type=\"text-editor.default\">\n\t\t\t\t<div class=\"elementor-widget-container\">\n\t\t\t\t\t\t\t\t\t<p>L&#8217;Hotel du Globe, situato sul Cours Sextius dal 1970, ha aperto le sue ali ed \u00e8 diventato Escaletto. Situato in posizione ideale, a due passi dal centro storico e dalle terme, lo stabilimento vi accoglie in una nuova atmosfera colorata, calda e decisamente trendy.<br \/>Da non perdere la terrazza panoramica al 4\u00b0 piano con vista mozzafiato sui tetti della citt\u00e0.<\/p>\t\t\t\t\t\t\t\t<\/div>\n\t\t\t\t<\/div>\n\t\t\t\t\t<\/div>\n\t\t<\/div>\n\t\t\t\t\t<\/div>\n\t\t<\/section>\n\t\t\t\t<section class=\"ob-is-breaking-bad elementor-section elementor-top-section elementor-element elementor-element-ff07e5f elementor-section-full_width elementor-section-height-default elementor-section-height-default\" data-dce-background-image-url=\"https:\/\/www.hotel-escaletto.com\/wp-content\/uploads\/2022\/06\/elegance-white-satin-silk-with-waves-abstract-background-luxury-cloth-elegant-wallpaper-design_t20_E46AxV.jpg\" data-id=\"ff07e5f\" data-element_type=\"section\" data-e-type=\"section\" data-settings=\"{&quot;background_background&quot;:&quot;classic&quot;,&quot;_ob_bbad_use_it&quot;:&quot;yes&quot;,&quot;_ob_bbad_sssic_use&quot;:&quot;no&quot;,&quot;_ob_glider_is_slider&quot;:&quot;no&quot;}\">\n\t\t\t\t\t\t\t<div class=\"elementor-background-overlay\"><\/div>\n\t\t\t\t\t\t\t<div class=\"elementor-container elementor-column-gap-default\">\n\t\t\t\t\t<div class=\"elementor-column elementor-col-100 elementor-top-column elementor-element elementor-element-c1df95d\" data-id=\"c1df95d\" data-element_type=\"column\" data-e-type=\"column\" data-settings=\"{&quot;_ob_bbad_is_stalker&quot;:&quot;no&quot;,&quot;_ob_teleporter_use&quot;:false,&quot;_ob_column_hoveranimator&quot;:&quot;no&quot;,&quot;_ob_column_has_pseudo&quot;:&quot;no&quot;}\">\n\t\t\t<div class=\"elementor-widget-wrap elementor-element-populated\">\n\t\t\t\t\t\t<section class=\"ob-is-breaking-bad ob-bb-inner elementor-section elementor-inner-section elementor-element elementor-element-ed42b7a ecrantype1 elementor-section-boxed elementor-section-height-default elementor-section-height-default\" data-id=\"ed42b7a\" data-element_type=\"section\" data-e-type=\"section\" data-settings=\"{&quot;background_background&quot;:&quot;classic&quot;,&quot;_ob_bbad_use_it&quot;:&quot;yes&quot;,&quot;_ob_bbad_sssic_use&quot;:&quot;no&quot;,&quot;_ob_glider_is_slider&quot;:&quot;no&quot;}\">\n\t\t\t\t\t\t<div class=\"elementor-container elementor-column-gap-default\">\n\t\t\t\t\t<div class=\"elementor-column elementor-col-50 elementor-inner-column elementor-element elementor-element-30454e3 elementor-invisible\" data-id=\"30454e3\" data-element_type=\"column\" data-e-type=\"column\" data-settings=\"{&quot;animation&quot;:&quot;fadeIn&quot;,&quot;animation_mobile&quot;:&quot;none&quot;,&quot;_ob_bbad_is_stalker&quot;:&quot;no&quot;,&quot;_ob_teleporter_use&quot;:false,&quot;_ob_column_hoveranimator&quot;:&quot;no&quot;,&quot;_ob_column_has_pseudo&quot;:&quot;no&quot;}\">\n\t\t\t<div class=\"elementor-widget-wrap elementor-element-populated\">\n\t\t\t\t\t\t<div class=\"elementor-element elementor-element-ec51586 ob-has-background-overlay elementor-widget elementor-widget-image\" data-id=\"ec51586\" data-element_type=\"widget\" data-e-type=\"widget\" data-settings=\"{&quot;_ob_photomorph_use&quot;:&quot;no&quot;,&quot;_ob_perspektive_use&quot;:&quot;no&quot;,&quot;_ob_poopart_use&quot;:&quot;yes&quot;,&quot;_ob_shadough_use&quot;:&quot;no&quot;,&quot;_ob_allow_hoveranimator&quot;:&quot;no&quot;,&quot;_ob_widget_stalker_use&quot;:&quot;no&quot;}\" data-widget_type=\"image.default\">\n\t\t\t\t<div class=\"elementor-widget-container\">\n\t\t\t\t\t\t\t\t\t\t\t\t\t\t\t<img decoding=\"async\" src=\"https:\/\/www.hotel-escaletto.com\/wp-content\/uploads\/elementor\/thumbs\/Reportage-Avril2019-Hotel-du-Globe-107-q8v9rateimuwd53cac7jzmk3fxdqk6pzzldhsiwsfs.jpg\" title=\"Reportage-Avril2019-Hotel-du-Globe-107\" alt=\"Reportage-Avril2019-Hotel-du-Globe-107\" loading=\"lazy\" \/>\t\t\t\t\t\t\t\t\t\t\t\t\t\t\t<\/div>\n\t\t\t\t<\/div>\n\t\t\t\t\t<\/div>\n\t\t<\/div>\n\t\t\t\t<div data-dce-background-color=\"#FFFFFFD6\" class=\"elementor-column elementor-col-50 elementor-inner-column elementor-element elementor-element-8c8b7ca elementor-invisible\" data-id=\"8c8b7ca\" data-element_type=\"column\" data-e-type=\"column\" data-settings=\"{&quot;background_background&quot;:&quot;classic&quot;,&quot;animation&quot;:&quot;fadeInRight&quot;,&quot;animation_mobile&quot;:&quot;none&quot;,&quot;_ob_bbad_is_stalker&quot;:&quot;no&quot;,&quot;_ob_teleporter_use&quot;:false,&quot;_ob_column_hoveranimator&quot;:&quot;no&quot;,&quot;_ob_column_has_pseudo&quot;:&quot;no&quot;}\">\n\t\t\t<div class=\"elementor-widget-wrap elementor-element-populated\">\n\t\t\t\t\t\t<div class=\"elementor-element elementor-element-4774089 ob-harakiri-inherit ob-has-background-overlay elementor-widget elementor-widget-heading\" data-id=\"4774089\" data-element_type=\"widget\" data-e-type=\"widget\" data-settings=\"{&quot;_ob_use_harakiri&quot;:&quot;yes&quot;,&quot;_ob_harakiri_writing_mode&quot;:&quot;inherit&quot;,&quot;_ob_harakiri_text_clip&quot;:&quot;none&quot;,&quot;_ob_perspektive_use&quot;:&quot;no&quot;,&quot;_ob_poopart_use&quot;:&quot;yes&quot;,&quot;_ob_shadough_use&quot;:&quot;no&quot;,&quot;_ob_allow_hoveranimator&quot;:&quot;no&quot;,&quot;_ob_widget_stalker_use&quot;:&quot;no&quot;}\" data-widget_type=\"heading.default\">\n\t\t\t\t<div class=\"elementor-widget-container\">\n\t\t\t\t\t<h2 class=\"elementor-heading-title elementor-size-default\">Un hotel con terrazza a Aix en Provence<\/h2>\t\t\t\t<\/div>\n\t\t\t\t<\/div>\n\t\t\t\t<div class=\"elementor-element elementor-element-a1c6fba ob-harakiri-inherit ob-has-background-overlay elementor-widget elementor-widget-text-editor\" data-id=\"a1c6fba\" data-element_type=\"widget\" data-e-type=\"widget\" data-settings=\"{&quot;_ob_use_harakiri&quot;:&quot;yes&quot;,&quot;_ob_harakiri_writing_mode&quot;:&quot;inherit&quot;,&quot;_ob_postman_use&quot;:&quot;no&quot;,&quot;_ob_perspektive_use&quot;:&quot;no&quot;,&quot;_ob_poopart_use&quot;:&quot;yes&quot;,&quot;_ob_shadough_use&quot;:&quot;no&quot;,&quot;_ob_allow_hoveranimator&quot;:&quot;no&quot;,&quot;_ob_widget_stalker_use&quot;:&quot;no&quot;}\" data-widget_type=\"text-editor.default\">\n\t\t\t\t<div class=\"elementor-widget-container\">\n\t\t\t\t\t\t\t\t\t<div class=\"elementor-element elementor-element-1650ce8d ob-harakiri-inherit ob-has-background-overlay elementor-widget elementor-widget-text-editor ob-harakiri\" data-id=\"1650ce8d\" data-element_type=\"widget\" data-settings=\"{\" data-widget_type=\"text-editor.default\"><div class=\"elementor-widget-container\"><div class=\"elementor-text-editor elementor-clearfix\"><p>L&#8217;Hotel du Globe Aix en Provence offre 44 camere confortevoli e servizi di qualit\u00e0 dal 1970. L&#8217;hotel \u00e8 gi\u00e0 stato sottoposto a lavori di ristrutturazione, ma questa volta viene trasformato in un concetto del tutto nuovo. L&#8217;Hotel du Globe Aix en Provence diventa l&#8217;Hotel Escaletto, nome che in provenzale corrisponde a &#8220;scaletta&#8221; o &#8220;scala che sale alla torre di guardia&#8221;. Qui l&#8217;Escaletto ci porta sulla sua terrazza, arroccata al 4\u00b0 piano dell&#8217;hotel, sopra i tetti di Aix en Provence. Anche il nuovo logo, un uccello appollaiato sulla prima &#8220;T&#8221; di Escaletto, evoca questa idea di altezza.<\/p><p>Lo spirito amichevole dell&#8217;ex H\u00f4tel du Globe Aix en Provence rivive all&#8217;Escaletto, in particolare nel tapas bar.<\/p><p>Gli interni sono stati completamente rivisitati per offrire un&#8217;atmosfera pi\u00f9 trendy, morbida e accogliente. Lo stile pi\u00f9 puro si riscalda con tocchi colorati e materiali naturali come il legno o il rattan, mentre le carte da parati assumono accenti tropicali.<\/p><\/div><\/div><\/div>\t\t\t\t\t\t\t\t<\/div>\n\t\t\t\t<\/div>\n\t\t\t\t\t<\/div>\n\t\t<\/div>\n\t\t\t\t\t<\/div>\n\t\t<\/section>\n\t\t\t\t<section class=\"ob-is-breaking-bad ob-bb-inner elementor-section elementor-inner-section elementor-element elementor-element-33684b1 ecrantype1 elementor-section-boxed elementor-section-height-default elementor-section-height-default\" data-id=\"33684b1\" data-element_type=\"section\" data-e-type=\"section\" data-settings=\"{&quot;background_background&quot;:&quot;classic&quot;,&quot;_ob_bbad_use_it&quot;:&quot;yes&quot;,&quot;_ob_bbad_sssic_use&quot;:&quot;no&quot;,&quot;_ob_glider_is_slider&quot;:&quot;no&quot;}\">\n\t\t\t\t\t\t<div class=\"elementor-container elementor-column-gap-default\">\n\t\t\t\t\t<div data-dce-background-color=\"#FFFFFFD6\" class=\"elementor-column elementor-col-50 elementor-inner-column elementor-element elementor-element-7cfa554 elementor-invisible\" data-id=\"7cfa554\" data-element_type=\"column\" data-e-type=\"column\" data-settings=\"{&quot;background_background&quot;:&quot;classic&quot;,&quot;animation&quot;:&quot;fadeInRight&quot;,&quot;animation_mobile&quot;:&quot;none&quot;,&quot;_ob_bbad_is_stalker&quot;:&quot;no&quot;,&quot;_ob_teleporter_use&quot;:false,&quot;_ob_column_hoveranimator&quot;:&quot;no&quot;,&quot;_ob_column_has_pseudo&quot;:&quot;no&quot;}\">\n\t\t\t<div class=\"elementor-widget-wrap elementor-element-populated\">\n\t\t\t\t\t\t<div class=\"elementor-element elementor-element-56eb80f ob-harakiri-inherit ob-has-background-overlay elementor-widget elementor-widget-heading\" data-id=\"56eb80f\" data-element_type=\"widget\" data-e-type=\"widget\" data-settings=\"{&quot;_ob_use_harakiri&quot;:&quot;yes&quot;,&quot;_ob_harakiri_writing_mode&quot;:&quot;inherit&quot;,&quot;_ob_harakiri_text_clip&quot;:&quot;none&quot;,&quot;_ob_perspektive_use&quot;:&quot;no&quot;,&quot;_ob_poopart_use&quot;:&quot;yes&quot;,&quot;_ob_shadough_use&quot;:&quot;no&quot;,&quot;_ob_allow_hoveranimator&quot;:&quot;no&quot;,&quot;_ob_widget_stalker_use&quot;:&quot;no&quot;}\" data-widget_type=\"heading.default\">\n\t\t\t\t<div class=\"elementor-widget-container\">\n\t\t\t\t\t<h2 class=\"elementor-heading-title elementor-size-default\">Un luogo ideale<\/h2>\t\t\t\t<\/div>\n\t\t\t\t<\/div>\n\t\t\t\t<div class=\"elementor-element elementor-element-2d1b800 ob-harakiri-inherit ob-has-background-overlay elementor-widget elementor-widget-text-editor\" data-id=\"2d1b800\" data-element_type=\"widget\" data-e-type=\"widget\" data-settings=\"{&quot;_ob_use_harakiri&quot;:&quot;yes&quot;,&quot;_ob_harakiri_writing_mode&quot;:&quot;inherit&quot;,&quot;_ob_postman_use&quot;:&quot;no&quot;,&quot;_ob_perspektive_use&quot;:&quot;no&quot;,&quot;_ob_poopart_use&quot;:&quot;yes&quot;,&quot;_ob_shadough_use&quot;:&quot;no&quot;,&quot;_ob_allow_hoveranimator&quot;:&quot;no&quot;,&quot;_ob_widget_stalker_use&quot;:&quot;no&quot;}\" data-widget_type=\"text-editor.default\">\n\t\t\t\t<div class=\"elementor-widget-container\">\n\t\t\t\t\t\t\t\t\t<p>L&#8217;ubicazione rimane la stessa: una posizione privilegiata sul Cours Sextius, vicino al centro storico. I visitatori che hanno apprezzato particolarmente la posizione dell&#8217;Hotel du Globe Aix en Provence e il suo garage privato (su prenotazione) troveranno questi vantaggi all&#8217;Escaletto.<\/p><p>In pochi passi ci si ritrova nell&#8217;atmosfera vivace della vecchia Aix, seduti accanto a una fontana o in uno dei tanti ristoranti e caff\u00e8.<\/p><p>L&#8217;hotel Escaletto vi invita ad assaporare momenti unici, per un soggiorno di lavoro, una vacanza al profumo di Sud o semplicemente per un dopolavoro in terrazza. A due passi dalla Rotonde, dal Cours Mirabeau, dal centro storico e dal quartiere Mazarin, l&#8217;ex H\u00f4tel du Globe Aix en Provence rimane una tappa privilegiata.<\/p>\t\t\t\t\t\t\t\t<\/div>\n\t\t\t\t<\/div>\n\t\t\t\t\t<\/div>\n\t\t<\/div>\n\t\t\t\t<div class=\"elementor-column elementor-col-50 elementor-inner-column elementor-element elementor-element-8d05e21 elementor-invisible\" data-id=\"8d05e21\" data-element_type=\"column\" data-e-type=\"column\" data-settings=\"{&quot;animation&quot;:&quot;fadeIn&quot;,&quot;animation_mobile&quot;:&quot;none&quot;,&quot;_ob_bbad_is_stalker&quot;:&quot;no&quot;,&quot;_ob_teleporter_use&quot;:false,&quot;_ob_column_hoveranimator&quot;:&quot;no&quot;,&quot;_ob_column_has_pseudo&quot;:&quot;no&quot;}\">\n\t\t\t<div class=\"elementor-widget-wrap elementor-element-populated\">\n\t\t\t\t\t\t<div class=\"elementor-element elementor-element-5241d1d ob-has-background-overlay elementor-widget elementor-widget-image\" data-id=\"5241d1d\" data-element_type=\"widget\" data-e-type=\"widget\" data-settings=\"{&quot;_ob_photomorph_use&quot;:&quot;no&quot;,&quot;_ob_perspektive_use&quot;:&quot;no&quot;,&quot;_ob_poopart_use&quot;:&quot;yes&quot;,&quot;_ob_shadough_use&quot;:&quot;no&quot;,&quot;_ob_allow_hoveranimator&quot;:&quot;no&quot;,&quot;_ob_widget_stalker_use&quot;:&quot;no&quot;}\" data-widget_type=\"image.default\">\n\t\t\t\t<div class=\"elementor-widget-container\">\n\t\t\t\t\t\t\t\t\t\t\t\t\t\t\t<img decoding=\"async\" src=\"https:\/\/www.hotel-escaletto.com\/wp-content\/uploads\/elementor\/thumbs\/Facade-3-q8v9rbr8pgw6or1z4um6k4bk1b93rvtqbq0z9sve9k.jpg\" title=\"Facade-3\" alt=\"Facade-3\" loading=\"lazy\" \/>\t\t\t\t\t\t\t\t\t\t\t\t\t\t\t<\/div>\n\t\t\t\t<\/div>\n\t\t\t\t\t<\/div>\n\t\t<\/div>\n\t\t\t\t\t<\/div>\n\t\t<\/section>\n\t\t\t\t\t<\/div>\n\t\t<\/div>\n\t\t\t\t\t<\/div>\n\t\t<\/section>\n\t\t\t\t<section class=\"ob-is-breaking-bad elementor-section elementor-top-section elementor-element elementor-element-39647f4 elementor-section-boxed elementor-section-height-default elementor-section-height-default\" data-id=\"39647f4\" data-element_type=\"section\" data-e-type=\"section\" data-settings=\"{&quot;_ob_bbad_use_it&quot;:&quot;yes&quot;,&quot;_ob_bbad_sssic_use&quot;:&quot;no&quot;,&quot;_ob_glider_is_slider&quot;:&quot;no&quot;}\">\n\t\t\t\t\t\t<div class=\"elementor-container elementor-column-gap-default\">\n\t\t\t\t\t<div class=\"elementor-column elementor-col-50 elementor-top-column elementor-element elementor-element-a039337 bloc-lien animated-slow elementor-invisible\" data-id=\"a039337\" data-element_type=\"column\" data-e-type=\"column\" data-settings=\"{&quot;animation&quot;:&quot;fadeInUp&quot;,&quot;animation_mobile&quot;:&quot;none&quot;,&quot;_ob_bbad_link&quot;:{&quot;url&quot;:&quot;https:\\\/\\\/www.hotel-escaletto.com\\\/decouvrir-aix-en-provence\\\/visiter-aix-en-provence\\\/&quot;,&quot;is_external&quot;:&quot;&quot;,&quot;nofollow&quot;:&quot;&quot;,&quot;custom_attributes&quot;:&quot;&quot;},&quot;_ob_column_has_pseudo&quot;:&quot;no&quot;}\">\n\t\t\t<div class=\"elementor-widget-wrap elementor-element-populated\">\n\t\t\t\t\t\t<div class=\"elementor-element elementor-element-1fe8d70 ob-harakiri-inherit ob-has-background-overlay elementor-widget elementor-widget-heading\" data-id=\"1fe8d70\" data-element_type=\"widget\" data-e-type=\"widget\" data-settings=\"{&quot;_ob_use_harakiri&quot;:&quot;yes&quot;,&quot;_ob_harakiri_writing_mode&quot;:&quot;inherit&quot;,&quot;_ob_harakiri_text_clip&quot;:&quot;none&quot;,&quot;_ob_perspektive_use&quot;:&quot;no&quot;,&quot;_ob_poopart_use&quot;:&quot;yes&quot;,&quot;_ob_shadough_use&quot;:&quot;no&quot;,&quot;_ob_allow_hoveranimator&quot;:&quot;no&quot;,&quot;_ob_widget_stalker_use&quot;:&quot;no&quot;}\" data-widget_type=\"heading.default\">\n\t\t\t\t<div class=\"elementor-widget-container\">\n\t\t\t\t\t<h2 class=\"elementor-heading-title elementor-size-default\">Visitare Aix en Provence<\/h2>\t\t\t\t<\/div>\n\t\t\t\t<\/div>\n\t\t\t\t<div class=\"elementor-element elementor-element-501ef9d elementor-align-center ob-has-background-overlay elementor-widget elementor-widget-button\" data-id=\"501ef9d\" data-element_type=\"widget\" data-e-type=\"widget\" data-settings=\"{&quot;_ob_butterbutton_use_it&quot;:&quot;no&quot;,&quot;_ob_perspektive_use&quot;:&quot;no&quot;,&quot;_ob_poopart_use&quot;:&quot;yes&quot;,&quot;_ob_shadough_use&quot;:&quot;no&quot;,&quot;_ob_allow_hoveranimator&quot;:&quot;no&quot;,&quot;_ob_widget_stalker_use&quot;:&quot;no&quot;}\" data-widget_type=\"button.default\">\n\t\t\t\t<div class=\"elementor-widget-container\">\n\t\t\t\t\t\t\t\t\t<div class=\"elementor-button-wrapper\">\n\t\t\t\t\t<a class=\"elementor-button elementor-button-link elementor-size-sm\" href=\"https:\/\/www.hotel-escaletto.com\/it\/scoprire-aix-en-provence\/visitare-aix-en-provence\/\">\n\t\t\t\t\t\t<span class=\"elementor-button-content-wrapper\">\n\t\t\t\t\t\t\t\t\t<span class=\"elementor-button-text\">Per saperne di pi\u00f9<\/span>\n\t\t\t\t\t<\/span>\n\t\t\t\t\t<\/a>\n\t\t\t\t<\/div>\n\t\t\t\t\t\t\t\t<\/div>\n\t\t\t\t<\/div>\n\t\t\t\t<div class=\"elementor-element elementor-element-0aa08c8 ob-has-background-overlay elementor-widget elementor-widget-image\" data-id=\"0aa08c8\" data-element_type=\"widget\" data-e-type=\"widget\" data-settings=\"{&quot;_ob_photomorph_use&quot;:&quot;no&quot;,&quot;_ob_perspektive_use&quot;:&quot;no&quot;,&quot;_ob_poopart_use&quot;:&quot;yes&quot;,&quot;_ob_shadough_use&quot;:&quot;no&quot;,&quot;_ob_allow_hoveranimator&quot;:&quot;no&quot;,&quot;_ob_widget_stalker_use&quot;:&quot;no&quot;}\" data-widget_type=\"image.default\">\n\t\t\t\t<div class=\"elementor-widget-container\">\n\t\t\t\t\t\t\t\t\t\t\t\t\t\t\t<img decoding=\"async\" src=\"https:\/\/www.hotel-escaletto.com\/wp-content\/uploads\/elementor\/thumbs\/a-narrow-street-in-the-center-of-aixenprovence-france-picture-id1029683330-q8v9rata2ka77pzcuce0jhp2uk8e37z7tadjcvxeui.jpg\" title=\"a-narrow-street-in-the-center-of-aixenprovence-france-picture-id1029683330\" alt=\"a-narrow-street-in-the-center-of-aixenprovence-france-picture-id1029683330\" loading=\"lazy\" \/>\t\t\t\t\t\t\t\t\t\t\t\t\t\t\t<\/div>\n\t\t\t\t<\/div>\n\t\t\t\t\t<\/div>\n\t\t<\/div>\n\t\t\t\t<div class=\"elementor-column elementor-col-50 elementor-top-column elementor-element elementor-element-7ecccc4 bloc-lien animated-slow elementor-invisible\" data-id=\"7ecccc4\" data-element_type=\"column\" data-e-type=\"column\" data-settings=\"{&quot;animation&quot;:&quot;fadeInDown&quot;,&quot;animation_mobile&quot;:&quot;none&quot;,&quot;_ob_bbad_link&quot;:{&quot;url&quot;:&quot;https:\\\/\\\/www.hotel-escaletto.com\\\/decouvrir-aix-en-provence\\\/la-sainte-victoire\\\/&quot;,&quot;is_external&quot;:&quot;&quot;,&quot;nofollow&quot;:&quot;&quot;,&quot;custom_attributes&quot;:&quot;&quot;},&quot;_ob_bbad_is_stalker&quot;:&quot;no&quot;,&quot;_ob_teleporter_use&quot;:false,&quot;_ob_column_hoveranimator&quot;:&quot;no&quot;,&quot;_ob_column_has_pseudo&quot;:&quot;no&quot;}\">\n\t\t\t<div class=\"elementor-widget-wrap elementor-element-populated\">\n\t\t\t\t\t\t<div class=\"elementor-element elementor-element-4649486 ob-harakiri-inherit ob-has-background-overlay elementor-widget elementor-widget-heading\" data-id=\"4649486\" data-element_type=\"widget\" data-e-type=\"widget\" data-settings=\"{&quot;_ob_use_harakiri&quot;:&quot;yes&quot;,&quot;_ob_harakiri_writing_mode&quot;:&quot;inherit&quot;,&quot;_ob_harakiri_text_clip&quot;:&quot;none&quot;,&quot;_ob_perspektive_use&quot;:&quot;no&quot;,&quot;_ob_poopart_use&quot;:&quot;yes&quot;,&quot;_ob_shadough_use&quot;:&quot;no&quot;,&quot;_ob_allow_hoveranimator&quot;:&quot;no&quot;,&quot;_ob_widget_stalker_use&quot;:&quot;no&quot;}\" data-widget_type=\"heading.default\">\n\t\t\t\t<div class=\"elementor-widget-container\">\n\t\t\t\t\t<h2 class=\"elementor-heading-title elementor-size-default\">La Sainte Victoire<\/h2>\t\t\t\t<\/div>\n\t\t\t\t<\/div>\n\t\t\t\t<div class=\"elementor-element elementor-element-18f2c84 elementor-align-center ob-has-background-overlay elementor-widget elementor-widget-button\" data-id=\"18f2c84\" data-element_type=\"widget\" data-e-type=\"widget\" data-settings=\"{&quot;_ob_butterbutton_use_it&quot;:&quot;no&quot;,&quot;_ob_perspektive_use&quot;:&quot;no&quot;,&quot;_ob_poopart_use&quot;:&quot;yes&quot;,&quot;_ob_shadough_use&quot;:&quot;no&quot;,&quot;_ob_allow_hoveranimator&quot;:&quot;no&quot;,&quot;_ob_widget_stalker_use&quot;:&quot;no&quot;}\" data-widget_type=\"button.default\">\n\t\t\t\t<div class=\"elementor-widget-container\">\n\t\t\t\t\t\t\t\t\t<div class=\"elementor-button-wrapper\">\n\t\t\t\t\t<a class=\"elementor-button elementor-button-link elementor-size-sm\" href=\"https:\/\/www.hotel-escaletto.com\/it\/scoprire-aix-en-provence\/la-sainte-victoire\/\">\n\t\t\t\t\t\t<span class=\"elementor-button-content-wrapper\">\n\t\t\t\t\t\t\t\t\t<span class=\"elementor-button-text\">Per saperne di pi\u00f9<\/span>\n\t\t\t\t\t<\/span>\n\t\t\t\t\t<\/a>\n\t\t\t\t<\/div>\n\t\t\t\t\t\t\t\t<\/div>\n\t\t\t\t<\/div>\n\t\t\t\t<div class=\"elementor-element elementor-element-d4a24b1 ob-has-background-overlay elementor-widget elementor-widget-image\" data-id=\"d4a24b1\" data-element_type=\"widget\" data-e-type=\"widget\" data-settings=\"{&quot;_ob_photomorph_use&quot;:&quot;no&quot;,&quot;_ob_perspektive_use&quot;:&quot;no&quot;,&quot;_ob_poopart_use&quot;:&quot;yes&quot;,&quot;_ob_shadough_use&quot;:&quot;no&quot;,&quot;_ob_allow_hoveranimator&quot;:&quot;no&quot;,&quot;_ob_widget_stalker_use&quot;:&quot;no&quot;}\" data-widget_type=\"image.default\">\n\t\t\t\t<div class=\"elementor-widget-container\">\n\t\t\t\t\t\t\t\t\t\t\t\t\t\t\t<img decoding=\"async\" src=\"https:\/\/www.hotel-escaletto.com\/wp-content\/uploads\/elementor\/thumbs\/mount-sainte-victoire-and-lavender-picture-id952879076-q8v9rata2ka77pzcuce0jhp2uk8e37z7tadjcvxeui.jpg\" title=\"mount-sainte-victoire-and-lavender-picture-id952879076\" alt=\"mount-sainte-victoire-and-lavender-picture-id952879076\" loading=\"lazy\" \/>\t\t\t\t\t\t\t\t\t\t\t\t\t\t\t<\/div>\n\t\t\t\t<\/div>\n\t\t\t\t\t<\/div>\n\t\t<\/div>\n\t\t\t\t\t<\/div>\n\t\t<\/section>\n\t\t\t\t<\/div>\n\t\t","protected":false},"excerpt":{"rendered":"<p>L&#8217;Hotel du Globe diventa Escaletto L&#8217;Hotel du Globe, situato sul Cours Sextius dal 1970, ha aperto le sue ali ed \u00e8 diventato Escaletto. Situato in posizione ideale, a due passi dal centro storico e dalle terme, lo stabilimento vi accoglie in una nuova atmosfera colorata, calda e decisamente trendy. Da non perdere la terrazza panoramica [&hellip;]<\/p>\n","protected":false},"author":12,"featured_media":0,"parent":4692,"menu_order":0,"comment_status":"closed","ping_status":"closed","template":"","meta":{"_acf_changed":false,"inline_featured_image":false,"footnotes":""},"class_list":["post-5689","page","type-page","status-publish","hentry"],"acf":[],"_links":{"self":[{"href":"https:\/\/www.hotel-escaletto.com\/it\/wp-json\/wp\/v2\/pages\/5689","targetHints":{"allow":["GET"]}}],"collection":[{"href":"https:\/\/www.hotel-escaletto.com\/it\/wp-json\/wp\/v2\/pages"}],"about":[{"href":"https:\/\/www.hotel-escaletto.com\/it\/wp-json\/wp\/v2\/types\/page"}],"author":[{"embeddable":true,"href":"https:\/\/www.hotel-escaletto.com\/it\/wp-json\/wp\/v2\/users\/12"}],"replies":[{"embeddable":true,"href":"https:\/\/www.hotel-escaletto.com\/it\/wp-json\/wp\/v2\/comments?post=5689"}],"version-history":[{"count":15,"href":"https:\/\/www.hotel-escaletto.com\/it\/wp-json\/wp\/v2\/pages\/5689\/revisions"}],"predecessor-version":[{"id":6750,"href":"https:\/\/www.hotel-escaletto.com\/it\/wp-json\/wp\/v2\/pages\/5689\/revisions\/6750"}],"up":[{"embeddable":true,"href":"https:\/\/www.hotel-escaletto.com\/it\/wp-json\/wp\/v2\/pages\/4692"}],"wp:attachment":[{"href":"https:\/\/www.hotel-escaletto.com\/it\/wp-json\/wp\/v2\/media?parent=5689"}],"curies":[{"name":"wp","href":"https:\/\/api.w.org\/{rel}","templated":true}]}}